{"id":2,"date":"2025-04-07T13:50:49","date_gmt":"2025-04-07T11:50:49","guid":{"rendered":"http:\/\/veloecole20.org\/?page_id=2"},"modified":"2025-04-09T10:32:57","modified_gmt":"2025-04-09T08:32:57","slug":"page-d-exemple","status":"publish","type":"page","link":"https:\/\/veloecole20.org\/?page_id=2","title":{"rendered":"Pr\u00e9sentation"},"content":{"rendered":"\n<p>L\u2019association V\u00e9lo-Ecole du 20\u00e8me se situe dans le champ de l\u2019\u00e9ducation populaire et se donne pour but la promotion du v\u00e9lo comme mode de d\u00e9placement, comme loisir, comme outil d\u2019\u00e9mancipation et comme facteur de r\u00e9duction de la pollution urbaine, nous favorisons l\u2019activit\u00e9 physique des citoyens, nous permettons l\u2019acquisition de comp\u00e9tences en mati\u00e8re de pratique cycliste et de s\u00e9curit\u00e9 routi\u00e8re.<\/p>\n\n\n\n<p>La v\u00e9lo-\u00e9cole est r\u00e9serv\u00e9e aux adultes. Les cours ont lieu tous les samedis matin de 9h45 \u00e0 12h00 dans le quartier de la Porte de M\u00e9nilmontant, Paris 20\u00e8me.<\/p>\n\n\n\n<p>Les monitrices et moniteurs sont tous b\u00e9n\u00e9voles.<\/p>\n\n\n\n<p>La v\u00e9lo-\u00e9cole peut aussi accompagner des personnes sachant d\u00e9j\u00e0 faire du v\u00e9lo mais peu \u00e0 l\u2019aise avec la pratique en milieu urbain.<\/p>\n\n\n\n<figure class=\"wp-block-image\"><img decoding=\"async\" src=\"https:\/\/web.archive.org\/web\/20240816074848im_\/https:\/\/veloecole20.org\/wp-content\/uploads\/2023\/01\/jour-de-rentree.jpg\" alt=\"\" class=\"wp-image-53\"\/><figcaption class=\"wp-element-caption\">Jour de rentr\u00e9e \u00e0 la v\u00e9lo-\u00e9cole<\/figcaption><\/figure>\n\n\n\n<p><\/p>\n","protected":false},"excerpt":{"rendered":"<p>L\u2019association V\u00e9lo-Ecole du 20\u00e8me se situe dans le champ de l\u2019\u00e9ducation populaire et se donne pour but la promotion du v\u00e9lo comme mode de d\u00e9placement, comme loisir, comme outil d\u2019\u00e9mancipation et comme facteur de r\u00e9duction de la pollution urbaine, nous favorisons l\u2019activit\u00e9 physique des citoyens, nous permettons l\u2019acquisition de comp\u00e9tences en mati\u00e8re de pratique cycliste&hellip; <a class=\"more-link\" href=\"https:\/\/veloecole20.org\/?page_id=2\">Poursuivre la lecture <span class=\"screen-reader-text\">Pr\u00e9sentation<\/span><\/a><\/p>\n","protected":false},"author":1,"featured_media":0,"parent":0,"menu_order":0,"comment_status":"closed","ping_status":"open","template":"","meta":{"footnotes":""},"class_list":["post-2","page","type-page","status-publish","hentry","entry"],"_links":{"self":[{"href":"https:\/\/veloecole20.org\/index.php?rest_route=\/wp\/v2\/pages\/2","targetHints":{"allow":["GET"]}}],"collection":[{"href":"https:\/\/veloecole20.org\/index.php?rest_route=\/wp\/v2\/pages"}],"about":[{"href":"https:\/\/veloecole20.org\/index.php?rest_route=\/wp\/v2\/types\/page"}],"author":[{"embeddable":true,"href":"https:\/\/veloecole20.org\/index.php?rest_route=\/wp\/v2\/users\/1"}],"replies":[{"embeddable":true,"href":"https:\/\/veloecole20.org\/index.php?rest_route=%2Fwp%2Fv2%2Fcomments&post=2"}],"version-history":[{"count":2,"href":"https:\/\/veloecole20.org\/index.php?rest_route=\/wp\/v2\/pages\/2\/revisions"}],"predecessor-version":[{"id":87,"href":"https:\/\/veloecole20.org\/index.php?rest_route=\/wp\/v2\/pages\/2\/revisions\/87"}],"wp:attachment":[{"href":"https:\/\/veloecole20.org\/index.php?rest_route=%2Fwp%2Fv2%2Fmedia&parent=2"}],"curies":[{"name":"wp","href":"https:\/\/api.w.org\/{rel}","templated":true}]}}